{"id":11951,"date":"2022-02-18T14:26:57","date_gmt":"2022-02-18T20:26:57","guid":{"rendered":"https:\/\/elsalvadorllantas.com\/?page_id=11951"},"modified":"2022-05-22T00:38:54","modified_gmt":"2022-05-22T06:38:54","slug":"derecho-de-retracto","status":"publish","type":"page","link":"https:\/\/elsalvadorllantas.com\/index.php\/derecho-de-retracto\/","title":{"rendered":"Derecho de Retracto"},"content":{"rendered":"\t\t<div data-elementor-type=\"wp-page\" data-elementor-id=\"11951\" class=\"elementor elementor-11951\" data-elementor-post-type=\"page\">\n\t\t\t\t\t\t<section class=\"elementor-section elementor-top-section elementor-element elementor-element-1e8941ba elementor-section-content-middle elementor-reverse-mobile elementor-section-boxed elementor-section-height-default elementor-section-height-default\" data-id=\"1e8941ba\" data-element_type=\"section\" data-e-type=\"section\">\n\t\t\t\t\t\t<div class=\"elementor-container elementor-column-gap-no\">\n\t\t\t\t\t<div class=\"elementor-column elementor-col-100 elementor-top-column elementor-element elementor-element-47d46580\" data-id=\"47d46580\" data-element_type=\"column\" data-e-type=\"column\">\n\t\t\t<div class=\"elementor-widget-wrap elementor-element-populated\">\n\t\t\t\t\t\t<div class=\"elementor-element elementor-element-1d7f3df elementor-widget elementor-widget-image\" data-id=\"1d7f3df\" data-element_type=\"widget\" data-e-type=\"widget\" data-widget_type=\"image.default\">\n\t\t\t\t<div class=\"elementor-widget-container\">\n\t\t\t\t\t\t\t\t\t\t\t\t\t\t\t<img decoding=\"async\" src=\"https:\/\/elsalvadorllantas.com\/wp-content\/uploads\/elementor\/thumbs\/WhatsApp-Image-2022-02-18-at-3.37.56-PM-pv99a98mpx1lwx0e7cvmsr43l1xcyncb1k0vh24y3k.jpeg\" title=\"WhatsApp Image 2022-02-18 at 3.37.56 PM\" alt=\"llantas\" loading=\"lazy\" \/>\t\t\t\t\t\t\t\t\t\t\t\t\t\t\t<\/div>\n\t\t\t\t<\/div>\n\t\t\t\t<div class=\"elementor-element elementor-element-793fcfb2 elementor-widget elementor-widget-text-editor\" data-id=\"793fcfb2\" data-element_type=\"widget\" data-e-type=\"widget\" data-widget_type=\"text-editor.default\">\n\t\t\t\t<div class=\"elementor-widget-container\">\n\t\t\t\t\t\t\t\t\t<p><b>En cumplimiento con la Ley de Protecci\u00f3n al Consumidor, el cliente tiene 8 d\u00edas para aplicar a la devoluci\u00f3n en los siguientes casos:<\/b><\/p><h4><b>ANTES DE LA ENTREGA DE PRODUCTO:<\/b><\/h4><p>Si despu\u00e9s de la compra, no deseas hacer uso de los productos, puedes ejercer tu Derecho de Retracto sin penalizaci\u00f3n alguna, en un lapso de 8 d\u00edas corridos, en ocasiones el proceso puede tardar alrededor de 15 d\u00edas h\u00e1biles en hacerse efectivo, ya que dependemos de la respuesta del banco emisor de la tarjeta.<\/p><p><span style=\"font-family: var( --e-global-typography-text-font-family ), Sans-serif;\">Que la medida solicitada, no corresponda al veh\u00edculo, al momento de presentarse en la sucursal.<\/span><\/p><p>La cantidad de producto solicitado est\u00e1 equivocado.<\/p><p>Ser\u00e1n aceptados los cambios de producto en caso de que el cliente se haya equivocado de medida, o se realice una asesor\u00eda en la sucursal y se determine que la llanta no es la adecuada para su veh\u00edculo.<\/p><h4><b>CUANDO EL CLIENTE SE PRESENTA EN SUCURSAL:<\/b><\/h4><p>Si la compra es internacional y se env\u00eda un representante a la sucursal, se solicitar\u00e1 documentaci\u00f3n adicional que Centro de Servicio Do\u00f1o S.A. de C.V. considere requerido, para el retiro e instalaci\u00f3n de las llantas.<\/p><p>Este caso la pol\u00edtica aplica \u00fanicamente si la llanta no ha sido instalada y rodada. En casos de reclamo por garant\u00eda, ser\u00e1 necesario comprobar que haya ocurrido un desperfecto de fabrica comprobable por nuestro departamento t\u00e9cnico &lt;&lt; m\u00e1s informaci\u00f3n visita detalle de Garant\u00eda&gt;&gt;.<\/p><p>Para efectuar una devoluci\u00f3n, de igual manera el producto no puede mostrar se\u00f1ales de haber sido instalado y utilizado en carretera. La reversi\u00f3n de fondos estar\u00e1 sujeta a las pol\u00edticas del banco emisor de la tarjeta utilizada en la compra.<\/p><h4><b>Certificado de Garant\u00eda<\/b><\/h4><p>La vigencia iniciar\u00e1 a partir de la fecha de emisi\u00f3n de la factura. Seg\u00fan estrictas normas de los proveedores internacionales, las llantas tienen garant\u00eda \u00fanica y exclusivamente al presentar defectos de fabricaci\u00f3n en su banda de rodamiento.<\/p><p>Para hacer uso de la garant\u00eda, la banda de rodamiento debe tener una profundidad no menor a 2 mil\u00edmetros. La garant\u00eda cubre el valor remanente de uso y no cubre ning\u00fan tipo de da\u00f1o ocasionado por objetos cortopunzantes, impactos en la pared lateral, mal uso, sobre carga, utilizarlas con presi\u00f3n de aire inadecuada y desgaste irregular ocasionada por fallas en el sistema de direcci\u00f3n, suspensi\u00f3n y frenos.<\/p>\t\t\t\t\t\t\t\t<\/div>\n\t\t\t\t<\/div>\n\t\t\t\t\t<\/div>\n\t\t<\/div>\n\t\t\t\t\t<\/div>\n\t\t<\/section>\n\t\t\t\t<\/div>\n\t\t","protected":false},"excerpt":{"rendered":"<p>En cumplimiento con la Ley de Protecci\u00f3n al Consumidor, el cliente tiene 8 d\u00edas para aplicar a la devoluci\u00f3n en los siguientes casos: ANTES DE LA ENTREGA DE PRODUCTO: Si despu\u00e9s de la compra, no deseas hacer uso de los productos, puedes ejercer tu Derecho de Retracto sin penalizaci\u00f3n alguna, en un lapso de 8<br \/><a class=\"more-link\" href=\"https:\/\/elsalvadorllantas.com\/index.php\/derecho-de-retracto\/\"><br \/>\n        Ver m\u00e1s<span class=\"screen-reader-text\"> \u00abDerecho de Retracto\u00bb<\/span><\/a><\/p>\n","protected":false},"author":18,"featured_media":0,"parent":0,"menu_order":0,"comment_status":"closed","ping_status":"closed","template":"","meta":{"_acf_changed":false,"footnotes":""},"class_list":["post-11951","page","type-page","status-publish","hentry"],"acf":[],"yoast_head":"<!-- This site is optimized with the Yoast SEO plugin v26.8 - https:\/\/yoast.com\/product\/yoast-seo-wordpress\/ -->\r\n<title>Derecho de Retracto - Centro de Servicio Do\u00f1o<\/title>\r\n<meta name=\"robots\" content=\"index, follow, max-snippet:-1, max-image-preview:large, max-video-preview:-1\" \/>\r\n<link rel=\"canonical\" href=\"https:\/\/elsalvadorllantas.com\/index.php\/derecho-de-retracto\/\" \/>\r\n<meta property=\"og:locale\" content=\"es_ES\" \/>\r\n<meta property=\"og:type\" content=\"article\" \/>\r\n<meta property=\"og:title\" content=\"Derecho de Retracto - Centro de Servicio Do\u00f1o\" \/>\r\n<meta property=\"og:description\" content=\"En cumplimiento con la Ley de Protecci\u00f3n al Consumidor, el cliente tiene 8 d\u00edas para aplicar a la devoluci\u00f3n en los siguientes casos: ANTES DE LA ENTREGA DE PRODUCTO: Si despu\u00e9s de la compra, no deseas hacer uso de los productos, puedes ejercer tu Derecho de Retracto sin penalizaci\u00f3n alguna, en un lapso de 8     Ver m\u00e1s &quot;Derecho de Retracto&quot;\" \/>\r\n<meta property=\"og:url\" content=\"https:\/\/elsalvadorllantas.com\/index.php\/derecho-de-retracto\/\" \/>\r\n<meta property=\"og:site_name\" content=\"Centro de Servicio Do\u00f1o\" \/>\r\n<meta property=\"article:modified_time\" content=\"2022-05-22T06:38:54+00:00\" \/>\r\n<meta property=\"og:image\" content=\"https:\/\/elsalvadorllantas.com\/wp-content\/uploads\/elementor\/thumbs\/WhatsApp-Image-2022-02-18-at-3.37.56-PM-pkpnl27x39s41zwlep1hcgfm6nr43bmarx4zbju3ds.jpeg\" \/>\r\n<meta name=\"twitter:card\" content=\"summary_large_image\" \/>\r\n<meta name=\"twitter:label1\" content=\"Tiempo de lectura\" \/>\n\t<meta name=\"twitter:data1\" content=\"2 minutos\" \/>\r\n<script type=\"application\/ld+json\" class=\"yoast-schema-graph\">{\"@context\":\"https:\/\/schema.org\",\"@graph\":[{\"@type\":\"WebPage\",\"@id\":\"https:\/\/elsalvadorllantas.com\/index.php\/derecho-de-retracto\/\",\"url\":\"https:\/\/elsalvadorllantas.com\/index.php\/derecho-de-retracto\/\",\"name\":\"Derecho de Retracto - Centro de Servicio Do\u00f1o\",\"isPartOf\":{\"@id\":\"https:\/\/elsalvadorllantas.com\/#website\"},\"primaryImageOfPage\":{\"@id\":\"https:\/\/elsalvadorllantas.com\/index.php\/derecho-de-retracto\/#primaryimage\"},\"image\":{\"@id\":\"https:\/\/elsalvadorllantas.com\/index.php\/derecho-de-retracto\/#primaryimage\"},\"thumbnailUrl\":\"https:\/\/elsalvadorllantas.com\/wp-content\/uploads\/elementor\/thumbs\/WhatsApp-Image-2022-02-18-at-3.37.56-PM-pkpnl27x39s41zwlep1hcgfm6nr43bmarx4zbju3ds.jpeg\",\"datePublished\":\"2022-02-18T20:26:57+00:00\",\"dateModified\":\"2022-05-22T06:38:54+00:00\",\"breadcrumb\":{\"@id\":\"https:\/\/elsalvadorllantas.com\/index.php\/derecho-de-retracto\/#breadcrumb\"},\"inLanguage\":\"es\",\"potentialAction\":[{\"@type\":\"ReadAction\",\"target\":[\"https:\/\/elsalvadorllantas.com\/index.php\/derecho-de-retracto\/\"]}]},{\"@type\":\"ImageObject\",\"inLanguage\":\"es\",\"@id\":\"https:\/\/elsalvadorllantas.com\/index.php\/derecho-de-retracto\/#primaryimage\",\"url\":\"https:\/\/elsalvadorllantas.com\/wp-content\/uploads\/elementor\/thumbs\/WhatsApp-Image-2022-02-18-at-3.37.56-PM-pkpnl27x39s41zwlep1hcgfm6nr43bmarx4zbju3ds.jpeg\",\"contentUrl\":\"https:\/\/elsalvadorllantas.com\/wp-content\/uploads\/elementor\/thumbs\/WhatsApp-Image-2022-02-18-at-3.37.56-PM-pkpnl27x39s41zwlep1hcgfm6nr43bmarx4zbju3ds.jpeg\"},{\"@type\":\"BreadcrumbList\",\"@id\":\"https:\/\/elsalvadorllantas.com\/index.php\/derecho-de-retracto\/#breadcrumb\",\"itemListElement\":[{\"@type\":\"ListItem\",\"position\":1,\"name\":\"Inicio\",\"item\":\"https:\/\/elsalvadorllantas.com\/\"},{\"@type\":\"ListItem\",\"position\":2,\"name\":\"Derecho de Retracto\"}]},{\"@type\":\"WebSite\",\"@id\":\"https:\/\/elsalvadorllantas.com\/#website\",\"url\":\"https:\/\/elsalvadorllantas.com\/\",\"name\":\"Centro de Servicio Do\u00f1o\",\"description\":\"Venta de Llantas Nuevas - \u00a1Cotiza Ya!\",\"publisher\":{\"@id\":\"https:\/\/elsalvadorllantas.com\/#organization\"},\"potentialAction\":[{\"@type\":\"SearchAction\",\"target\":{\"@type\":\"EntryPoint\",\"urlTemplate\":\"https:\/\/elsalvadorllantas.com\/?s={search_term_string}\"},\"query-input\":{\"@type\":\"PropertyValueSpecification\",\"valueRequired\":true,\"valueName\":\"search_term_string\"}}],\"inLanguage\":\"es\"},{\"@type\":\"Organization\",\"@id\":\"https:\/\/elsalvadorllantas.com\/#organization\",\"name\":\"Centro de Servicio Do\u00f1o\",\"url\":\"https:\/\/elsalvadorllantas.com\/\",\"logo\":{\"@type\":\"ImageObject\",\"inLanguage\":\"es\",\"@id\":\"https:\/\/elsalvadorllantas.com\/#\/schema\/logo\/image\/\",\"url\":\"https:\/\/elsalvadorllantas.com\/wp-content\/uploads\/2021\/12\/Logo_Don\u0303o_Editable-CMYK-2.png\",\"contentUrl\":\"https:\/\/elsalvadorllantas.com\/wp-content\/uploads\/2021\/12\/Logo_Don\u0303o_Editable-CMYK-2.png\",\"width\":2139,\"height\":779,\"caption\":\"Centro de Servicio Do\u00f1o\"},\"image\":{\"@id\":\"https:\/\/elsalvadorllantas.com\/#\/schema\/logo\/image\/\"}}]}<\/script>\r\n<!-- \/ Yoast SEO plugin. -->","yoast_head_json":{"title":"Derecho de Retracto - Centro de Servicio Do\u00f1o","robots":{"index":"index","follow":"follow","max-snippet":"max-snippet:-1","max-image-preview":"max-image-preview:large","max-video-preview":"max-video-preview:-1"},"canonical":"https:\/\/elsalvadorllantas.com\/index.php\/derecho-de-retracto\/","og_locale":"es_ES","og_type":"article","og_title":"Derecho de Retracto - Centro de Servicio Do\u00f1o","og_description":"En cumplimiento con la Ley de Protecci\u00f3n al Consumidor, el cliente tiene 8 d\u00edas para aplicar a la devoluci\u00f3n en los siguientes casos: ANTES DE LA ENTREGA DE PRODUCTO: Si despu\u00e9s de la compra, no deseas hacer uso de los productos, puedes ejercer tu Derecho de Retracto sin penalizaci\u00f3n alguna, en un lapso de 8     Ver m\u00e1s \"Derecho de Retracto\"","og_url":"https:\/\/elsalvadorllantas.com\/index.php\/derecho-de-retracto\/","og_site_name":"Centro de Servicio Do\u00f1o","article_modified_time":"2022-05-22T06:38:54+00:00","og_image":[{"url":"https:\/\/elsalvadorllantas.com\/wp-content\/uploads\/elementor\/thumbs\/WhatsApp-Image-2022-02-18-at-3.37.56-PM-pkpnl27x39s41zwlep1hcgfm6nr43bmarx4zbju3ds.jpeg","type":"","width":"","height":""}],"twitter_card":"summary_large_image","twitter_misc":{"Tiempo de lectura":"2 minutos"},"schema":{"@context":"https:\/\/schema.org","@graph":[{"@type":"WebPage","@id":"https:\/\/elsalvadorllantas.com\/index.php\/derecho-de-retracto\/","url":"https:\/\/elsalvadorllantas.com\/index.php\/derecho-de-retracto\/","name":"Derecho de Retracto - Centro de Servicio Do\u00f1o","isPartOf":{"@id":"https:\/\/elsalvadorllantas.com\/#website"},"primaryImageOfPage":{"@id":"https:\/\/elsalvadorllantas.com\/index.php\/derecho-de-retracto\/#primaryimage"},"image":{"@id":"https:\/\/elsalvadorllantas.com\/index.php\/derecho-de-retracto\/#primaryimage"},"thumbnailUrl":"https:\/\/elsalvadorllantas.com\/wp-content\/uploads\/elementor\/thumbs\/WhatsApp-Image-2022-02-18-at-3.37.56-PM-pkpnl27x39s41zwlep1hcgfm6nr43bmarx4zbju3ds.jpeg","datePublished":"2022-02-18T20:26:57+00:00","dateModified":"2022-05-22T06:38:54+00:00","breadcrumb":{"@id":"https:\/\/elsalvadorllantas.com\/index.php\/derecho-de-retracto\/#breadcrumb"},"inLanguage":"es","potentialAction":[{"@type":"ReadAction","target":["https:\/\/elsalvadorllantas.com\/index.php\/derecho-de-retracto\/"]}]},{"@type":"ImageObject","inLanguage":"es","@id":"https:\/\/elsalvadorllantas.com\/index.php\/derecho-de-retracto\/#primaryimage","url":"https:\/\/elsalvadorllantas.com\/wp-content\/uploads\/elementor\/thumbs\/WhatsApp-Image-2022-02-18-at-3.37.56-PM-pkpnl27x39s41zwlep1hcgfm6nr43bmarx4zbju3ds.jpeg","contentUrl":"https:\/\/elsalvadorllantas.com\/wp-content\/uploads\/elementor\/thumbs\/WhatsApp-Image-2022-02-18-at-3.37.56-PM-pkpnl27x39s41zwlep1hcgfm6nr43bmarx4zbju3ds.jpeg"},{"@type":"BreadcrumbList","@id":"https:\/\/elsalvadorllantas.com\/index.php\/derecho-de-retracto\/#breadcrumb","itemListElement":[{"@type":"ListItem","position":1,"name":"Inicio","item":"https:\/\/elsalvadorllantas.com\/"},{"@type":"ListItem","position":2,"name":"Derecho de Retracto"}]},{"@type":"WebSite","@id":"https:\/\/elsalvadorllantas.com\/#website","url":"https:\/\/elsalvadorllantas.com\/","name":"Centro de Servicio Do\u00f1o","description":"Venta de Llantas Nuevas - \u00a1Cotiza Ya!","publisher":{"@id":"https:\/\/elsalvadorllantas.com\/#organization"},"potentialAction":[{"@type":"SearchAction","target":{"@type":"EntryPoint","urlTemplate":"https:\/\/elsalvadorllantas.com\/?s={search_term_string}"},"query-input":{"@type":"PropertyValueSpecification","valueRequired":true,"valueName":"search_term_string"}}],"inLanguage":"es"},{"@type":"Organization","@id":"https:\/\/elsalvadorllantas.com\/#organization","name":"Centro de Servicio Do\u00f1o","url":"https:\/\/elsalvadorllantas.com\/","logo":{"@type":"ImageObject","inLanguage":"es","@id":"https:\/\/elsalvadorllantas.com\/#\/schema\/logo\/image\/","url":"https:\/\/elsalvadorllantas.com\/wp-content\/uploads\/2021\/12\/Logo_Don\u0303o_Editable-CMYK-2.png","contentUrl":"https:\/\/elsalvadorllantas.com\/wp-content\/uploads\/2021\/12\/Logo_Don\u0303o_Editable-CMYK-2.png","width":2139,"height":779,"caption":"Centro de Servicio Do\u00f1o"},"image":{"@id":"https:\/\/elsalvadorllantas.com\/#\/schema\/logo\/image\/"}}]}},"_links":{"self":[{"href":"https:\/\/elsalvadorllantas.com\/index.php\/wp-json\/wp\/v2\/pages\/11951","targetHints":{"allow":["GET"]}}],"collection":[{"href":"https:\/\/elsalvadorllantas.com\/index.php\/wp-json\/wp\/v2\/pages"}],"about":[{"href":"https:\/\/elsalvadorllantas.com\/index.php\/wp-json\/wp\/v2\/types\/page"}],"author":[{"embeddable":true,"href":"https:\/\/elsalvadorllantas.com\/index.php\/wp-json\/wp\/v2\/users\/18"}],"replies":[{"embeddable":true,"href":"https:\/\/elsalvadorllantas.com\/index.php\/wp-json\/wp\/v2\/comments?post=11951"}],"version-history":[{"count":0,"href":"https:\/\/elsalvadorllantas.com\/index.php\/wp-json\/wp\/v2\/pages\/11951\/revisions"}],"wp:attachment":[{"href":"https:\/\/elsalvadorllantas.com\/index.php\/wp-json\/wp\/v2\/media?parent=11951"}],"curies":[{"name":"wp","href":"https:\/\/api.w.org\/{rel}","templated":true}]}}